{"id":1684,"date":"2021-05-10T10:00:43","date_gmt":"2021-05-10T10:00:43","guid":{"rendered":"http:\/\/www.nicdarkthemes.com\/themes\/seafood\/wp\/demo\/restaurant\/?page_id=1684"},"modified":"2024-04-21T03:30:33","modified_gmt":"2024-04-21T03:30:33","slug":"news-page","status":"publish","type":"page","link":"https:\/\/fundacorazones.org\/es\/archive-pages\/news-page\/","title":{"rendered":"News Page"},"content":{"rendered":"<div data-elementor-type=\"wp-page\" data-elementor-id=\"1684\" class=\"elementor elementor-1684\" data-elementor-post-type=\"page\">\n\t\t\t\t\t\t<section class=\"elementor-section elementor-top-section elementor-element elementor-element-20fab3cf elementor-section-stretched elementor-section-boxed elementor-section-height-default elementor-section-height-default\" data-id=\"20fab3cf\" data-element_type=\"section\" data-e-type=\"section\" data-settings=\"{&quot;stretch_section&quot;:&quot;section-stretched&quot;,&quot;background_background&quot;:&quot;classic&quot;}\">\n\t\t\t\t\t\t<div class=\"elementor-container elementor-column-gap-default\">\n\t\t\t\t\t<div class=\"elementor-column elementor-col-100 elementor-top-column elementor-element elementor-element-135f9f62\" data-id=\"135f9f62\" data-element_type=\"column\" data-e-type=\"column\">\n\t\t\t<div class=\"elementor-widget-wrap elementor-element-populated\">\n\t\t\t\t\t\t<div class=\"elementor-element elementor-element-3126c6e5 elementor-widget elementor-widget-heading\" data-id=\"3126c6e5\" data-element_type=\"widget\" data-e-type=\"widget\" data-widget_type=\"heading.default\">\n\t\t\t\t<div class=\"elementor-widget-container\">\n\t\t\t\t\t<h2 class=\"elementor-heading-title elementor-size-default\">LATEST NEWS<\/h2>\t\t\t\t<\/div>\n\t\t\t\t<\/div>\n\t\t\t\t<div class=\"elementor-element elementor-element-61ad870 elementor-grid-3 elementor-grid-tablet-2 elementor-grid-mobile-1 elementor-posts--thumbnail-top elementor-widget elementor-widget-posts\" data-id=\"61ad870\" data-element_type=\"widget\" data-e-type=\"widget\" data-settings=\"{&quot;classic_columns&quot;:&quot;3&quot;,&quot;classic_columns_tablet&quot;:&quot;2&quot;,&quot;classic_columns_mobile&quot;:&quot;1&quot;,&quot;classic_row_gap&quot;:{&quot;unit&quot;:&quot;px&quot;,&quot;size&quot;:35,&quot;sizes&quot;:[]},&quot;classic_row_gap_tablet&quot;:{&quot;unit&quot;:&quot;px&quot;,&quot;size&quot;:&quot;&quot;,&quot;sizes&quot;:[]},&quot;classic_row_gap_mobile&quot;:{&quot;unit&quot;:&quot;px&quot;,&quot;size&quot;:&quot;&quot;,&quot;sizes&quot;:[]}}\" data-widget_type=\"posts.classic\">\n\t\t\t\t<div class=\"elementor-widget-container\">\n\t\t\t\t\t\t\t<div class=\"elementor-posts-container elementor-posts elementor-posts--skin-classic elementor-grid\" role=\"list\">\n\t\t\t\t<article class=\"elementor-post elementor-grid-item post-15320 post type-post status-publish format-standard has-post-thumbnail hentry category-blog category-masonry category-standard tag-canaima tag-musica tag-orquesta-canaima tag-un-wifi-para-la-musica-de-canaima\" role=\"listitem\">\n\t\t\t\t<a class=\"elementor-post__thumbnail__link\" href=\"https:\/\/fundacorazones.org\/es\/un-wifi-para-la-musica-de-canaima\/\" tabindex=\"-1\" >\n\t\t\t<div class=\"elementor-post__thumbnail\"><img fetchpriority=\"high\" decoding=\"async\" width=\"300\" height=\"169\" src=\"https:\/\/fundacorazones.org\/wp-content\/uploads\/2025\/05\/Canaima_Nucleo_Musica_2-300x169.png\" class=\"attachment-medium size-medium wp-image-15346\" alt=\"\" srcset=\"https:\/\/fundacorazones.org\/wp-content\/uploads\/2025\/05\/Canaima_Nucleo_Musica_2-300x169.png 300w, https:\/\/fundacorazones.org\/wp-content\/uploads\/2025\/05\/Canaima_Nucleo_Musica_2-1024x576.png 1024w, https:\/\/fundacorazones.org\/wp-content\/uploads\/2025\/05\/Canaima_Nucleo_Musica_2-768x432.png 768w, https:\/\/fundacorazones.org\/wp-content\/uploads\/2025\/05\/Canaima_Nucleo_Musica_2-1536x864.png 1536w, https:\/\/fundacorazones.org\/wp-content\/uploads\/2025\/05\/Canaima_Nucleo_Musica_2-18x10.png 18w, https:\/\/fundacorazones.org\/wp-content\/uploads\/2025\/05\/Canaima_Nucleo_Musica_2-600x338.png 600w, https:\/\/fundacorazones.org\/wp-content\/uploads\/2025\/05\/Canaima_Nucleo_Musica_2.png 1920w\" sizes=\"(max-width: 300px) 100vw, 300px\" \/><\/div>\n\t\t<\/a>\n\t\t\t\t<div class=\"elementor-post__text\">\n\t\t\t\t<h3 class=\"elementor-post__title\">\n\t\t\t<a href=\"https:\/\/fundacorazones.org\/es\/un-wifi-para-la-musica-de-canaima\/\" >\n\t\t\t\tUn WIFI para la m\u00fasica de Canaima\t\t\t<\/a>\n\t\t<\/h3>\n\t\t\t\t<div class=\"elementor-post__meta-data\">\n\t\t\t\t\t<span class=\"elementor-post-date\">\n\t\t\tmayo 3, 2025\t\t<\/span>\n\t\t\t\t<span class=\"elementor-post-avatar\">\n\t\t\tNo hay comentarios\t\t<\/span>\n\t\t\t\t<\/div>\n\t\t\t\t<div class=\"elementor-post__excerpt\">\n\t\t\t<p>Los ni\u00f1os pemones de la agrupaci\u00f3n *Coro y Orquesta Ind\u00edgena CANAIMA* alzan su voz: un llamado urgente para conectarse con el mundoSector II Kamarata &#8211; Kanaim\u00f6, Municipio Gran Sabana, Estado Bol\u00edvar Venezuela \u2013 <\/p>\n\t\t<\/div>\n\t\t\n\t\t<a class=\"elementor-post__read-more\" href=\"https:\/\/fundacorazones.org\/es\/un-wifi-para-la-musica-de-canaima\/\" aria-label=\"Read more about Un WIFI para la m\u00fasica de Canaima\" tabindex=\"-1\" >\n\t\t\tRead More \u00bb\t\t<\/a>\n\n\t\t\t\t<\/div>\n\t\t\t\t<\/article>\n\t\t\t\t<article class=\"elementor-post elementor-grid-item post-1 post type-post status-publish format-standard has-post-thumbnail hentry category-blog category-masonry category-standard\" role=\"listitem\">\n\t\t\t\t<a class=\"elementor-post__thumbnail__link\" href=\"https:\/\/fundacorazones.org\/es\/entrega-de-donativos-2010\/\" tabindex=\"-1\" >\n\t\t\t<div class=\"elementor-post__thumbnail\"><img decoding=\"async\" width=\"300\" height=\"225\" src=\"https:\/\/fundacorazones.org\/wp-content\/uploads\/2010\/12\/CIMG0037-300x225.jpg\" class=\"attachment-medium size-medium wp-image-14542\" alt=\"\" srcset=\"https:\/\/fundacorazones.org\/wp-content\/uploads\/2010\/12\/CIMG0037-300x225.jpg 300w, https:\/\/fundacorazones.org\/wp-content\/uploads\/2010\/12\/CIMG0037-1024x768.jpg 1024w, https:\/\/fundacorazones.org\/wp-content\/uploads\/2010\/12\/CIMG0037-768x576.jpg 768w, https:\/\/fundacorazones.org\/wp-content\/uploads\/2010\/12\/CIMG0037-1536x1152.jpg 1536w, https:\/\/fundacorazones.org\/wp-content\/uploads\/2010\/12\/CIMG0037-16x12.jpg 16w, https:\/\/fundacorazones.org\/wp-content\/uploads\/2010\/12\/CIMG0037-600x450.jpg 600w, https:\/\/fundacorazones.org\/wp-content\/uploads\/2010\/12\/CIMG0037.jpg 2048w\" sizes=\"(max-width: 300px) 100vw, 300px\" \/><\/div>\n\t\t<\/a>\n\t\t\t\t<div class=\"elementor-post__text\">\n\t\t\t\t<h3 class=\"elementor-post__title\">\n\t\t\t<a href=\"https:\/\/fundacorazones.org\/es\/entrega-de-donativos-2010\/\" >\n\t\t\t\tEntrega de Donativos 2010 a Hogares Bambi\t\t\t<\/a>\n\t\t<\/h3>\n\t\t\t\t<div class=\"elementor-post__meta-data\">\n\t\t\t\t\t<span class=\"elementor-post-date\">\n\t\t\tdiciembre 14, 2010\t\t<\/span>\n\t\t\t\t<span class=\"elementor-post-avatar\">\n\t\t\tNo hay comentarios\t\t<\/span>\n\t\t\t\t<\/div>\n\t\t\t\t<div class=\"elementor-post__excerpt\">\n\t\t\t<p>Entrega de donativos de parte de Fundacion Corazones por la vida a Hogares Bambi resultado del concierto llevado a cabo en Septiembre del mismo a\u00f1o en el anfiteatro del Sambil Caracas.<\/p>\n\t\t<\/div>\n\t\t\n\t\t<a class=\"elementor-post__read-more\" href=\"https:\/\/fundacorazones.org\/es\/entrega-de-donativos-2010\/\" aria-label=\"Read more about Entrega de Donativos 2010 a Hogares Bambi\" tabindex=\"-1\" >\n\t\t\tRead More \u00bb\t\t<\/a>\n\n\t\t\t\t<\/div>\n\t\t\t\t<\/article>\n\t\t\t\t<article class=\"elementor-post elementor-grid-item post-14868 post type-post status-publish format-standard has-post-thumbnail hentry category-blog category-masonry category-standard tag-acat-venezuela tag-fundacion-corazones-por-la-visa tag-roman-el-ro\" role=\"listitem\">\n\t\t\t\t<a class=\"elementor-post__thumbnail__link\" href=\"https:\/\/fundacorazones.org\/es\/una-ayuda-para-la-discapacidad\/\" tabindex=\"-1\" >\n\t\t\t<div class=\"elementor-post__thumbnail\"><img decoding=\"async\" width=\"300\" height=\"250\" src=\"https:\/\/fundacorazones.org\/wp-content\/uploads\/2024\/04\/Corazones-por-la-vida-Acat-VenezuelaSan-Ignacio-300x250.jpg\" class=\"attachment-medium size-medium wp-image-14878\" alt=\"\" srcset=\"https:\/\/fundacorazones.org\/wp-content\/uploads\/2024\/04\/Corazones-por-la-vida-Acat-VenezuelaSan-Ignacio-300x250.jpg 300w, https:\/\/fundacorazones.org\/wp-content\/uploads\/2024\/04\/Corazones-por-la-vida-Acat-VenezuelaSan-Ignacio-1024x854.jpg 1024w, https:\/\/fundacorazones.org\/wp-content\/uploads\/2024\/04\/Corazones-por-la-vida-Acat-VenezuelaSan-Ignacio-768x640.jpg 768w, https:\/\/fundacorazones.org\/wp-content\/uploads\/2024\/04\/Corazones-por-la-vida-Acat-VenezuelaSan-Ignacio-1536x1280.jpg 1536w, https:\/\/fundacorazones.org\/wp-content\/uploads\/2024\/04\/Corazones-por-la-vida-Acat-VenezuelaSan-Ignacio-2048x1707.jpg 2048w, https:\/\/fundacorazones.org\/wp-content\/uploads\/2024\/04\/Corazones-por-la-vida-Acat-VenezuelaSan-Ignacio-14x12.jpg 14w, https:\/\/fundacorazones.org\/wp-content\/uploads\/2024\/04\/Corazones-por-la-vida-Acat-VenezuelaSan-Ignacio-600x500.jpg 600w\" sizes=\"(max-width: 300px) 100vw, 300px\" \/><\/div>\n\t\t<\/a>\n\t\t\t\t<div class=\"elementor-post__text\">\n\t\t\t\t<h3 class=\"elementor-post__title\">\n\t\t\t<a href=\"https:\/\/fundacorazones.org\/es\/una-ayuda-para-la-discapacidad\/\" >\n\t\t\t\tUna ayuda para la discapacidad\t\t\t<\/a>\n\t\t<\/h3>\n\t\t\t\t<div class=\"elementor-post__meta-data\">\n\t\t\t\t\t<span class=\"elementor-post-date\">\n\t\t\tdiciembre 5, 2010\t\t<\/span>\n\t\t\t\t<span class=\"elementor-post-avatar\">\n\t\t\tNo hay comentarios\t\t<\/span>\n\t\t\t\t<\/div>\n\t\t\t\t<div class=\"elementor-post__excerpt\">\n\t\t\t<p>El pasado 3 de diciembre de 2010, la Fundaci\u00f3n Corazones por la Vida llev\u00f3 a cabo un evento ben\u00e9fico en el Centro Comercial San Ignacio, en Caracas, Venezuela, en apoyo a la Fundaci\u00f3n ACAT, dedicada a brindar ayuda a personas con discapacidad.<\/p>\n\t\t<\/div>\n\t\t\n\t\t<a class=\"elementor-post__read-more\" href=\"https:\/\/fundacorazones.org\/es\/una-ayuda-para-la-discapacidad\/\" aria-label=\"Read more about Una ayuda para la discapacidad\" tabindex=\"-1\" >\n\t\t\tRead More \u00bb\t\t<\/a>\n\n\t\t\t\t<\/div>\n\t\t\t\t<\/article>\n\t\t\t\t<article class=\"elementor-post elementor-grid-item post-9132 post type-post status-publish format-standard has-post-thumbnail hentry category-blog category-masonry category-standard\" role=\"listitem\">\n\t\t\t\t<a class=\"elementor-post__thumbnail__link\" href=\"https:\/\/fundacorazones.org\/es\/concierto-corazones-por-la-vida-2010\/\" tabindex=\"-1\" >\n\t\t\t<div class=\"elementor-post__thumbnail\"><img loading=\"lazy\" decoding=\"async\" width=\"236\" height=\"300\" src=\"https:\/\/fundacorazones.org\/wp-content\/uploads\/2022\/09\/Fundacorazones_Avatar_2010-236x300.png\" class=\"attachment-medium size-medium wp-image-14535\" alt=\"\" srcset=\"https:\/\/fundacorazones.org\/wp-content\/uploads\/2022\/09\/Fundacorazones_Avatar_2010-236x300.png 236w, https:\/\/fundacorazones.org\/wp-content\/uploads\/2022\/09\/Fundacorazones_Avatar_2010-9x12.png 9w, https:\/\/fundacorazones.org\/wp-content\/uploads\/2022\/09\/Fundacorazones_Avatar_2010-600x764.png 600w, https:\/\/fundacorazones.org\/wp-content\/uploads\/2022\/09\/Fundacorazones_Avatar_2010.png 754w\" sizes=\"(max-width: 236px) 100vw, 236px\" \/><\/div>\n\t\t<\/a>\n\t\t\t\t<div class=\"elementor-post__text\">\n\t\t\t\t<h3 class=\"elementor-post__title\">\n\t\t\t<a href=\"https:\/\/fundacorazones.org\/es\/concierto-corazones-por-la-vida-2010\/\" >\n\t\t\t\tConcierto Corazones por la vida 2010\t\t\t<\/a>\n\t\t<\/h3>\n\t\t\t\t<div class=\"elementor-post__meta-data\">\n\t\t\t\t\t<span class=\"elementor-post-date\">\n\t\t\tseptiembre 15, 2010\t\t<\/span>\n\t\t\t\t<span class=\"elementor-post-avatar\">\n\t\t\tNo hay comentarios\t\t<\/span>\n\t\t\t\t<\/div>\n\t\t\t\t<div class=\"elementor-post__excerpt\">\n\t\t\t<p>El concierto ben\u00e9fico realizado en apoyo a la Casa Hogar BAMBI, instituci\u00f3n dedicada al cuidado y protecci\u00f3n de ni\u00f1os de la calle en Caracas, Venezuela.<\/p>\n\t\t<\/div>\n\t\t\n\t\t<a class=\"elementor-post__read-more\" href=\"https:\/\/fundacorazones.org\/es\/concierto-corazones-por-la-vida-2010\/\" aria-label=\"Read more about Concierto Corazones por la vida 2010\" tabindex=\"-1\" >\n\t\t\tRead More \u00bb\t\t<\/a>\n\n\t\t\t\t<\/div>\n\t\t\t\t<\/article>\n\t\t\t\t<article class=\"elementor-post elementor-grid-item post-9131 post type-post status-publish format-standard has-post-thumbnail hentry category-blog category-masonry category-standard\" role=\"listitem\">\n\t\t\t\t<a class=\"elementor-post__thumbnail__link\" href=\"https:\/\/fundacorazones.org\/es\/corazones-por-la-vida-2009-concierto\/\" tabindex=\"-1\" >\n\t\t\t<div class=\"elementor-post__thumbnail\"><img loading=\"lazy\" decoding=\"async\" width=\"236\" height=\"300\" src=\"https:\/\/fundacorazones.org\/wp-content\/uploads\/2022\/09\/Corazones-por-la-vida-2009_Flyer-236x300.png\" class=\"attachment-medium size-medium wp-image-14355\" alt=\"\" srcset=\"https:\/\/fundacorazones.org\/wp-content\/uploads\/2022\/09\/Corazones-por-la-vida-2009_Flyer-236x300.png 236w, https:\/\/fundacorazones.org\/wp-content\/uploads\/2022\/09\/Corazones-por-la-vida-2009_Flyer-9x12.png 9w, https:\/\/fundacorazones.org\/wp-content\/uploads\/2022\/09\/Corazones-por-la-vida-2009_Flyer-600x764.png 600w, https:\/\/fundacorazones.org\/wp-content\/uploads\/2022\/09\/Corazones-por-la-vida-2009_Flyer.png 754w\" sizes=\"(max-width: 236px) 100vw, 236px\" \/><\/div>\n\t\t<\/a>\n\t\t\t\t<div class=\"elementor-post__text\">\n\t\t\t\t<h3 class=\"elementor-post__title\">\n\t\t\t<a href=\"https:\/\/fundacorazones.org\/es\/corazones-por-la-vida-2009-concierto\/\" >\n\t\t\t\tConciertos Corazones por la vida 2009 &#8211; Concierto\t\t\t<\/a>\n\t\t<\/h3>\n\t\t\t\t<div class=\"elementor-post__meta-data\">\n\t\t\t\t\t<span class=\"elementor-post-date\">\n\t\t\tjulio 22, 2009\t\t<\/span>\n\t\t\t\t<span class=\"elementor-post-avatar\">\n\t\t\tNo hay comentarios\t\t<\/span>\n\t\t\t\t<\/div>\n\t\t\t\t<div class=\"elementor-post__excerpt\">\n\t\t\t<p>Los conciertos ben\u00e9ficos realizados en apoyo a la Fundaci\u00f3n Autismo en Acci\u00f3n, dedicada al cuidado y apoyo a ni\u00f1os con autismo.<\/p>\n\t\t<\/div>\n\t\t\n\t\t<a class=\"elementor-post__read-more\" href=\"https:\/\/fundacorazones.org\/es\/corazones-por-la-vida-2009-concierto\/\" aria-label=\"Read more about Conciertos Corazones por la vida 2009 &#8211; Concierto\" tabindex=\"-1\" >\n\t\t\tRead More \u00bb\t\t<\/a>\n\n\t\t\t\t<\/div>\n\t\t\t\t<\/article>\n\t\t\t\t<article class=\"elementor-post elementor-grid-item post-9133 post type-post status-publish format-standard has-post-thumbnail hentry category-blog category-masonry category-standard\" role=\"listitem\">\n\t\t\t\t<a class=\"elementor-post__thumbnail__link\" href=\"https:\/\/fundacorazones.org\/es\/corazones-por-la-vida-2009\/\" tabindex=\"-1\" >\n\t\t\t<div class=\"elementor-post__thumbnail\"><img loading=\"lazy\" decoding=\"async\" width=\"236\" height=\"300\" src=\"https:\/\/fundacorazones.org\/wp-content\/uploads\/2022\/09\/Front-Nota-de-prensa-web-236x300.png\" class=\"attachment-medium size-medium wp-image-14274\" alt=\"\" srcset=\"https:\/\/fundacorazones.org\/wp-content\/uploads\/2022\/09\/Front-Nota-de-prensa-web-236x300.png 236w, https:\/\/fundacorazones.org\/wp-content\/uploads\/2022\/09\/Front-Nota-de-prensa-web-9x12.png 9w, https:\/\/fundacorazones.org\/wp-content\/uploads\/2022\/09\/Front-Nota-de-prensa-web-600x764.png 600w, https:\/\/fundacorazones.org\/wp-content\/uploads\/2022\/09\/Front-Nota-de-prensa-web.png 754w\" sizes=\"(max-width: 236px) 100vw, 236px\" \/><\/div>\n\t\t<\/a>\n\t\t\t\t<div class=\"elementor-post__text\">\n\t\t\t\t<h3 class=\"elementor-post__title\">\n\t\t\t<a href=\"https:\/\/fundacorazones.org\/es\/corazones-por-la-vida-2009\/\" >\n\t\t\t\tConcierto Corazones Por La Vida 2009\t\t\t<\/a>\n\t\t<\/h3>\n\t\t\t\t<div class=\"elementor-post__meta-data\">\n\t\t\t\t\t<span class=\"elementor-post-date\">\n\t\t\tjulio 2, 2009\t\t<\/span>\n\t\t\t\t<span class=\"elementor-post-avatar\">\n\t\t\tNo hay comentarios\t\t<\/span>\n\t\t\t\t<\/div>\n\t\t\t\t<div class=\"elementor-post__excerpt\">\n\t\t\t<p>Arranco la campa\u00f1a POTECORAZ\u00d3N que se llevar\u00e1 a cabo durante un mes en la ciudad de Caracas, con la finalidad de beneficiar a los ni\u00f1os con Autismo. Los fondos recaudados ser\u00e1n destinados en un 100% a la Fundaci\u00f3n Autismo en Acci\u00f3n.<\/p>\n\t\t<\/div>\n\t\t\n\t\t<a class=\"elementor-post__read-more\" href=\"https:\/\/fundacorazones.org\/es\/corazones-por-la-vida-2009\/\" aria-label=\"Read more about Concierto Corazones Por La Vida 2009\" tabindex=\"-1\" >\n\t\t\tRead More \u00bb\t\t<\/a>\n\n\t\t\t\t<\/div>\n\t\t\t\t<\/article>\n\t\t\t\t<\/div>\n\t\t\n\t\t\t\t\t\t<\/div>\n\t\t\t\t<\/div>\n\t\t\t\t<div class=\"elementor-element elementor-element-6baf837d elementor-widget elementor-widget-image\" data-id=\"6baf837d\" data-element_type=\"widget\" data-e-type=\"widget\" data-widget_type=\"image.default\">\n\t\t\t\t<div class=\"elementor-widget-container\">\n\t\t\t\t\t\t\t\t\t\t\t\t\t\t\t<img loading=\"lazy\" decoding=\"async\" width=\"1800\" height=\"720\" src=\"https:\/\/fundacorazones.org\/wp-content\/uploads\/2023\/07\/Fundacion-Corazones-por-la-vida_Logo_Top-copy.png\" class=\"attachment-full size-full wp-image-13551\" alt=\"\" srcset=\"https:\/\/fundacorazones.org\/wp-content\/uploads\/2023\/07\/Fundacion-Corazones-por-la-vida_Logo_Top-copy.png 1800w, https:\/\/fundacorazones.org\/wp-content\/uploads\/2023\/07\/Fundacion-Corazones-por-la-vida_Logo_Top-copy-600x240.png 600w, https:\/\/fundacorazones.org\/wp-content\/uploads\/2023\/07\/Fundacion-Corazones-por-la-vida_Logo_Top-copy-300x120.png 300w, https:\/\/fundacorazones.org\/wp-content\/uploads\/2023\/07\/Fundacion-Corazones-por-la-vida_Logo_Top-copy-1024x410.png 1024w, https:\/\/fundacorazones.org\/wp-content\/uploads\/2023\/07\/Fundacion-Corazones-por-la-vida_Logo_Top-copy-768x307.png 768w, https:\/\/fundacorazones.org\/wp-content\/uploads\/2023\/07\/Fundacion-Corazones-por-la-vida_Logo_Top-copy-1536x614.png 1536w\" sizes=\"(max-width: 1800px) 100vw, 1800px\" \/>\t\t\t\t\t\t\t\t\t\t\t\t\t\t\t<\/div>\n\t\t\t\t<\/div>\n\t\t\t\t<div class=\"elementor-element elementor-element-9601b15 elementor-widget elementor-widget-spacer\" data-id=\"9601b15\" data-element_type=\"widget\" data-e-type=\"widget\" data-widget_type=\"spacer.default\">\n\t\t\t\t<div class=\"elementor-widget-container\">\n\t\t\t\t\t\t\t<div class=\"elementor-spacer\">\n\t\t\t<div class=\"elementor-spacer-inner\"><\/div>\n\t\t<\/div>\n\t\t\t\t\t\t<\/div>\n\t\t\t\t<\/div>\n\t\t\t\t\t<\/div>\n\t\t<\/div>\n\t\t\t\t\t<\/div>\n\t\t<\/section>\n\t\t\t\t<section class=\"elementor-section elementor-top-section elementor-element elementor-element-4c203c42 elementor-hidden-tablet elementor-hidden-phone elementor-section-boxed elementor-section-height-default elementor-section-height-default\" data-id=\"4c203c42\" data-element_type=\"section\" data-e-type=\"section\" data-settings=\"{&quot;background_background&quot;:&quot;classic&quot;}\">\n\t\t\t\t\t\t<div class=\"elementor-container elementor-column-gap-default\">\n\t\t\t\t\t<div class=\"elementor-column elementor-col-100 elementor-top-column elementor-element elementor-element-2cb5c044\" data-id=\"2cb5c044\" data-element_type=\"column\" data-e-type=\"column\">\n\t\t\t<div class=\"elementor-widget-wrap\">\n\t\t\t\t\t\t\t<\/div>\n\t\t<\/div>\n\t\t\t\t\t<\/div>\n\t\t<\/section>\n\t\t\t\t<\/div>","protected":false},"excerpt":{"rendered":"<p>LATEST NEWS<\/p>","protected":false},"author":1,"featured_media":0,"parent":9034,"menu_order":0,"comment_status":"closed","ping_status":"closed","template":"","meta":{"give_campaign_id":0,"_price":"","_stock":"","_tribe_ticket_header":"","_tribe_default_ticket_provider":"","_tribe_ticket_capacity":"0","_ticket_start_date":"","_ticket_end_date":"","_tribe_ticket_show_description":"","_tribe_ticket_show_not_going":false,"_tribe_ticket_use_global_stock":"","_tribe_ticket_global_stock_level":"","_global_stock_mode":"","_global_stock_cap":"","_tribe_rsvp_for_event":"","_tribe_ticket_going_count":"","_tribe_ticket_not_going_count":"","_tribe_tickets_list":"[]","_tribe_ticket_has_attendee_info_fields":false,"footnotes":"","_tec_slr_enabled":"","_tec_slr_layout":""},"class_list":["post-1684","page","type-page","status-publish","hentry"],"campaignId":"","ticketed":false,"_links":{"self":[{"href":"https:\/\/fundacorazones.org\/es\/wp-json\/wp\/v2\/pages\/1684","targetHints":{"allow":["GET"]}}],"collection":[{"href":"https:\/\/fundacorazones.org\/es\/wp-json\/wp\/v2\/pages"}],"about":[{"href":"https:\/\/fundacorazones.org\/es\/wp-json\/wp\/v2\/types\/page"}],"author":[{"embeddable":true,"href":"https:\/\/fundacorazones.org\/es\/wp-json\/wp\/v2\/users\/1"}],"replies":[{"embeddable":true,"href":"https:\/\/fundacorazones.org\/es\/wp-json\/wp\/v2\/comments?post=1684"}],"version-history":[{"count":9,"href":"https:\/\/fundacorazones.org\/es\/wp-json\/wp\/v2\/pages\/1684\/revisions"}],"predecessor-version":[{"id":14426,"href":"https:\/\/fundacorazones.org\/es\/wp-json\/wp\/v2\/pages\/1684\/revisions\/14426"}],"up":[{"embeddable":true,"href":"https:\/\/fundacorazones.org\/es\/wp-json\/wp\/v2\/pages\/9034"}],"wp:attachment":[{"href":"https:\/\/fundacorazones.org\/es\/wp-json\/wp\/v2\/media?parent=1684"}],"curies":[{"name":"wp","href":"https:\/\/api.w.org\/{rel}","templated":true}]}}